{"version":"1.0","provider_name":"Farmer \u00e9s csipke","provider_url":"https:\/\/farmerescsipke.cafeblog.hu","author_name":"evaseiler","author_url":"https:\/\/farmerescsipke.cafeblog.hu\/author\/farmer_es_csipke\/","title":"Farmer batikolva","html":"<p>Sokat gondolkoztam azon, hogy a farmeranyagot hogyan lehetne mint\u00e1zni. El\u0151sz\u00f6r h\u00edmz\u00e9sben gondolkodtam, de az el\u0151rajzol\u00e1st nem tudtam megoldani. A m\u00e1sik lehet\u0151s\u00e9g a r\u00e1t\u00e9t minta, ez valahogy nem fogott meg. Azt\u00e1n a farmer der\u00e9kp\u00e1ntokkal dolgozva eszembe jutott a batikol\u00e1s. K\u00e9t-h\u00e1rom egyszer\u0171 technik\u00e1t kipr\u00f3b\u00e1lva, eg\u00e9szen sz\u00e9p eredm\u00e9nyt kaptam. A batikolt farmeranyagb\u00f3l nagyon mutat\u00f3s t\u00e1sk\u00e1kat , \u00a0neszeszet \u00e9s kulcstart\u00f3kat \u00a0varrtam.<\/p>\r\n<p>Egy kis \u00edzel\u00edt\u0151 a a megvarrt dolgaimb\u00f3l:<\/p>\r\n<ol>\r\n<li>Oldalt\u00e1ska batikol\u00e1ssal \u00a0\u00e9s csipk\u00e9vel d\u00edsz\u00edtve<a href=\"https:\/\/farmerescsipke.cafeblog.hu\/files\/2016\/02\/DSCF2624.jpg\"><img class=\"aligncenter size-medium wp-image-277\" src=\"https:\/\/farmerescsipke.cafeblog.hu\/files\/2016\/02\/DSCF2624-300x225.jpg\" alt=\"DSCF2624\" width=\"300\" height=\"225\" \/><\/a><\/li>\r\n<\/ol>\r\n<p>&nbsp;<\/p>\r\n<p>2. Oldalt\u00e1ska csupa batikol\u00e1ssal<\/p>\r\n<p><a href=\"https:\/\/farmerescsipke.cafeblog.hu\/files\/2016\/02\/DSCF2633.jpg\"><img class=\"aligncenter size-medium wp-image-278\" src=\"https:\/\/farmerescsipke.cafeblog.hu\/files\/2016\/02\/DSCF2633-300x225.jpg\" alt=\"DSCF2633\" width=\"300\" height=\"225\" \/><\/a><\/p>\r\n<p><a href=\"https:\/\/farmerescsipke.cafeblog.hu\/files\/2016\/02\/DSCF2635.jpg\"><img class=\"aligncenter size-medium wp-image-279\" src=\"https:\/\/farmerescsipke.cafeblog.hu\/files\/2016\/02\/DSCF2635-300x225.jpg\" alt=\"DSCF2635\" width=\"300\" height=\"225\" \/><\/a><\/p>\r\n<p><a href=\"https:\/\/farmerescsipke.cafeblog.hu\/files\/2016\/02\/DSCF2640.jpg\"><img class=\"aligncenter size-medium wp-image-280\" src=\"https:\/\/farmerescsipke.cafeblog.hu\/files\/2016\/02\/DSCF2640-300x225.jpg\" alt=\"DSCF2640\" width=\"300\" height=\"225\" \/><\/a><\/p>\r\n<p>3. Pillang\u00f3s t\u00e1ska<\/p>\r\n<p><a href=\"https:\/\/farmerescsipke.cafeblog.hu\/files\/2016\/01\/DSCF3024-e1453056942547.jpg\"><img class=\"aligncenter size-medium wp-image-75\" src=\"https:\/\/farmerescsipke.cafeblog.hu\/files\/2016\/01\/DSCF3024-e1453056942547-300x225.jpg\" alt=\"DSCF3024\" width=\"300\" height=\"225\" \/><\/a><\/p>\r\n<p>4. Tolltart\u00f3<\/p>\r\n<p><a href=\"https:\/\/farmerescsipke.cafeblog.hu\/files\/2016\/02\/DSCF2709.jpg\"><img class=\"aligncenter size-medium wp-image-281\" src=\"https:\/\/farmerescsipke.cafeblog.hu\/files\/2016\/02\/DSCF2709-300x225.jpg\" alt=\"DSCF2709\" width=\"300\" height=\"225\" \/><\/a><\/p>\r\n<p><a href=\"https:\/\/farmerescsipke.cafeblog.hu\/files\/2016\/02\/DSCF2732.jpg\"><img class=\"aligncenter size-medium wp-image-282\" src=\"https:\/\/farmerescsipke.cafeblog.hu\/files\/2016\/02\/DSCF2732-300x225.jpg\" alt=\"DSCF2732\" width=\"300\" height=\"225\" \/><\/a><\/p>\r\n<p>5. Neszeszer<\/p>\r\n<p><a href=\"https:\/\/farmerescsipke.cafeblog.hu\/files\/2016\/02\/DSCF2715.jpg\"><img class=\"aligncenter size-medium wp-image-283\" src=\"https:\/\/farmerescsipke.cafeblog.hu\/files\/2016\/02\/DSCF2715-300x225.jpg\" alt=\"DSCF2715\" width=\"300\" height=\"225\" \/><\/a><\/p>\r\n<p><a href=\"https:\/\/farmerescsipke.cafeblog.hu\/files\/2016\/02\/DSCF2714.jpg\"><img class=\"aligncenter size-medium wp-image-284\" src=\"https:\/\/farmerescsipke.cafeblog.hu\/files\/2016\/02\/DSCF2714-300x225.jpg\" alt=\"DSCF2714\" width=\"300\" height=\"225\" \/><\/a><\/p>\r\n<p>6. \u00a0Kulcstart\u00f3k<\/p>\r\n<p><a href=\"https:\/\/farmerescsipke.cafeblog.hu\/files\/2016\/02\/DSCF5579.jpg\"><img class=\"aligncenter size-medium wp-image-285\" src=\"https:\/\/farmerescsipke.cafeblog.hu\/files\/2016\/02\/DSCF5579-300x225.jpg\" alt=\"DSCF5579\" width=\"300\" height=\"225\" \/><\/a><\/p>\r\n<p>K\u00f6vetkez\u0151 posztjaimban a batikol\u00e1s m\u00f3dj\u00e1t mutatom meg. V\u00e1rlak Benneteket!<\/p>\r\n<p>K\u00f6sz\u00f6n\u00f6m, hogy itt voltatok!<\/p>\r\n<p>&nbsp;<\/p>","type":"rich","thumbnail_url":"https:\/\/farmerescsipke.cafeblog.hu\/files\/2016\/02\/DSCF2633-150x150.jpg","thumbnail_width":150,"thumbnail_height":150}